{"id":7595,"date":"2025-01-27T15:29:39","date_gmt":"2025-01-27T14:29:39","guid":{"rendered":"https:\/\/indigo-productions.fr\/?page_id=7595"},"modified":"2026-04-09T15:30:44","modified_gmt":"2026-04-09T13:30:44","slug":"ennio-morricone-nino-rota","status":"publish","type":"page","link":"https:\/\/indigo-productions.fr\/en\/ennio-morricone-nino-rota\/","title":{"rendered":"Ennio Morricone &#038; Nino Rota"},"content":{"rendered":"<div data-elementor-type=\"wp-page\" data-elementor-id=\"7595\" class=\"elementor elementor-7595\" data-elementor-post-type=\"page\">\n\t\t\t\t<div class=\"elementor-element elementor-element-1e9c0a37 e-flex e-con-boxed e-con e-parent\" data-id=\"1e9c0a37\" data-element_type=\"container\" data-e-type=\"container\" data-settings=\"{&quot;jet_parallax_layout_list&quot;:[]}\">\n\t\t\t\t\t<div class=\"e-con-inner\">\n\t\t\t\t<div class=\"elementor-element elementor-element-18eeda05 elementor-widget__width-inherit elementor-hidden-mobile elementor-widget elementor-widget-image\" data-id=\"18eeda05\" data-element_type=\"widget\" data-e-type=\"widget\" data-widget_type=\"image.default\">\n\t\t\t\t<div class=\"elementor-widget-container\">\n\t\t\t\t\t\t\t\t\t\t\t\t\t\t\t<img fetchpriority=\"high\" decoding=\"async\" width=\"1920\" height=\"600\" src=\"https:\/\/indigo-productions.fr\/wp-content\/uploads\/2026\/04\/ennio-morricone-nino-rota-1920x600-1.jpg\" class=\"attachment-full size-full wp-image-10386\" alt=\"\" srcset=\"https:\/\/indigo-productions.fr\/wp-content\/uploads\/2026\/04\/ennio-morricone-nino-rota-1920x600-1.jpg 1920w, https:\/\/indigo-productions.fr\/wp-content\/uploads\/2026\/04\/ennio-morricone-nino-rota-1920x600-1-300x94.jpg 300w, https:\/\/indigo-productions.fr\/wp-content\/uploads\/2026\/04\/ennio-morricone-nino-rota-1920x600-1-1024x320.jpg 1024w, https:\/\/indigo-productions.fr\/wp-content\/uploads\/2026\/04\/ennio-morricone-nino-rota-1920x600-1-768x240.jpg 768w, https:\/\/indigo-productions.fr\/wp-content\/uploads\/2026\/04\/ennio-morricone-nino-rota-1920x600-1-1536x480.jpg 1536w, https:\/\/indigo-productions.fr\/wp-content\/uploads\/2026\/04\/ennio-morricone-nino-rota-1920x600-1-18x6.jpg 18w, https:\/\/indigo-productions.fr\/wp-content\/uploads\/2026\/04\/ennio-morricone-nino-rota-1920x600-1-600x188.jpg 600w\" sizes=\"(max-width: 1920px) 100vw, 1920px\" \/>\t\t\t\t\t\t\t\t\t\t\t\t\t\t\t<\/div>\n\t\t\t\t<\/div>\n\t\t\t\t\t<\/div>\n\t\t\t\t<\/div>\n\t\t<div class=\"elementor-element elementor-element-9a31c2b e-flex e-con-boxed e-con e-parent\" data-id=\"9a31c2b\" data-element_type=\"container\" data-e-type=\"container\" data-settings=\"{&quot;jet_parallax_layout_list&quot;:[]}\">\n\t\t\t\t\t<div class=\"e-con-inner\">\n\t\t\t\t<div class=\"elementor-element elementor-element-c763760 elementor-widget__width-inherit elementor-hidden-desktop elementor-widget elementor-widget-image\" data-id=\"c763760\" data-element_type=\"widget\" data-e-type=\"widget\" data-widget_type=\"image.default\">\n\t\t\t\t<div class=\"elementor-widget-container\">\n\t\t\t\t\t\t\t\t\t\t\t\t\t\t\t<img decoding=\"async\" width=\"1080\" height=\"1080\" src=\"https:\/\/indigo-productions.fr\/wp-content\/uploads\/2026\/03\/ennio-morricone-nino-rota-1080x1080-1.jpg\" class=\"attachment-full size-full wp-image-10111\" alt=\"\" srcset=\"https:\/\/indigo-productions.fr\/wp-content\/uploads\/2026\/03\/ennio-morricone-nino-rota-1080x1080-1.jpg 1080w, https:\/\/indigo-productions.fr\/wp-content\/uploads\/2026\/03\/ennio-morricone-nino-rota-1080x1080-1-300x300.jpg 300w, https:\/\/indigo-productions.fr\/wp-content\/uploads\/2026\/03\/ennio-morricone-nino-rota-1080x1080-1-1024x1024.jpg 1024w, https:\/\/indigo-productions.fr\/wp-content\/uploads\/2026\/03\/ennio-morricone-nino-rota-1080x1080-1-150x150.jpg 150w, https:\/\/indigo-productions.fr\/wp-content\/uploads\/2026\/03\/ennio-morricone-nino-rota-1080x1080-1-768x768.jpg 768w, https:\/\/indigo-productions.fr\/wp-content\/uploads\/2026\/03\/ennio-morricone-nino-rota-1080x1080-1-12x12.jpg 12w, https:\/\/indigo-productions.fr\/wp-content\/uploads\/2026\/03\/ennio-morricone-nino-rota-1080x1080-1-230x230.jpg 230w, https:\/\/indigo-productions.fr\/wp-content\/uploads\/2026\/03\/ennio-morricone-nino-rota-1080x1080-1-400x400.jpg 400w, https:\/\/indigo-productions.fr\/wp-content\/uploads\/2026\/03\/ennio-morricone-nino-rota-1080x1080-1-600x600.jpg 600w, https:\/\/indigo-productions.fr\/wp-content\/uploads\/2026\/03\/ennio-morricone-nino-rota-1080x1080-1-640x640.jpg 640w\" sizes=\"(max-width: 1080px) 100vw, 1080px\" \/>\t\t\t\t\t\t\t\t\t\t\t\t\t\t\t<\/div>\n\t\t\t\t<\/div>\n\t\t\t\t\t<\/div>\n\t\t\t\t<\/div>\n\t\t<div class=\"elementor-element elementor-element-7f862676 e-flex e-con-boxed e-con e-parent\" data-id=\"7f862676\" data-element_type=\"container\" data-e-type=\"container\" data-settings=\"{&quot;jet_parallax_layout_list&quot;:[]}\">\n\t\t\t\t\t<div class=\"e-con-inner\">\n\t\t\t\t<div class=\"elementor-element elementor-element-161fc05f elementor-widget elementor-widget-heading\" data-id=\"161fc05f\" data-element_type=\"widget\" data-e-type=\"widget\" data-widget_type=\"heading.default\">\n\t\t\t\t<div class=\"elementor-widget-container\">\n\t\t\t\t\t<h2 class=\"elementor-heading-title elementor-size-default\">Ennio Morricone &amp; Nino Rota<br>Deux ma\u00eetres de la musique de film<\/h2>\t\t\t\t<\/div>\n\t\t\t\t<\/div>\n\t\t\t\t<div class=\"elementor-element elementor-element-115524ae elementor-widget elementor-widget-text-editor\" data-id=\"115524ae\" data-element_type=\"widget\" data-e-type=\"widget\" data-widget_type=\"text-editor.default\">\n\t\t\t\t<div class=\"elementor-widget-container\">\n\t\t\t\t\t\t\t\t\t<p>Aujourd&rsquo;hui, ENNIO MORRICONE et NINO ROTA sont \u00e0 juste titre consid\u00e9r\u00e9s comme des ic\u00f4nes incontournables de la musique de film mondiale. Le spectacle qui leur rend hommage vous invite \u00e0 un voyage captivant \u00e0 travers les moments cl\u00e9s de leurs carri\u00e8res exceptionnelles, des titres embl\u00e9matiques des ann\u00e9es 60 aux c\u00e9l\u00e8bres m\u00e9lodies compos\u00e9es pour les films de Sergio Leone (Le Bon, la Brute et le Truand, Il \u00e9tait une fois dans l&rsquo;Ouest\u2026), Francis Ford Coppola (Le Parrain\u2026) ou encore Federico Fellini (La Strada), sans oublier celles qui ont marqu\u00e9 l&rsquo;histoire d&rsquo;Hollywood.<\/p><p>Ce concert symphonique immersif, enrichi de projections vid\u00e9o et de jeux de lumi\u00e8re, offre une exp\u00e9rience unique, plongeant le public au c\u0153ur de l&rsquo;univers sonore et visuel de ces deux ma\u00eetres de la musique de film.<\/p><p>Un moment magique o\u00f9 la musique, l&rsquo;image et la lumi\u00e8re se fusionnent pour rendre hommage \u00e0 leurs \u0153uvres intemporelles.<\/p>\t\t\t\t\t\t\t\t<\/div>\n\t\t\t\t<\/div>\n\t\t\t\t<div class=\"elementor-element elementor-element-296ef23 elementor-arrows-position-inside elementor-pagination-position-outside elementor-widget elementor-widget-image-carousel\" data-id=\"296ef23\" data-element_type=\"widget\" data-e-type=\"widget\" data-settings=\"{&quot;slides_to_show&quot;:&quot;3&quot;,&quot;slides_to_scroll&quot;:&quot;3&quot;,&quot;image_spacing_custom&quot;:{&quot;unit&quot;:&quot;px&quot;,&quot;size&quot;:10,&quot;sizes&quot;:[]},&quot;navigation&quot;:&quot;both&quot;,&quot;autoplay&quot;:&quot;yes&quot;,&quot;pause_on_hover&quot;:&quot;yes&quot;,&quot;pause_on_interaction&quot;:&quot;yes&quot;,&quot;autoplay_speed&quot;:5000,&quot;infinite&quot;:&quot;yes&quot;,&quot;speed&quot;:500,&quot;image_spacing_custom_tablet&quot;:{&quot;unit&quot;:&quot;px&quot;,&quot;size&quot;:&quot;&quot;,&quot;sizes&quot;:[]},&quot;image_spacing_custom_mobile&quot;:{&quot;unit&quot;:&quot;px&quot;,&quot;size&quot;:&quot;&quot;,&quot;sizes&quot;:[]}}\" data-widget_type=\"image-carousel.default\">\n\t\t\t\t<div class=\"elementor-widget-container\">\n\t\t\t\t\t\t\t<div class=\"elementor-image-carousel-wrapper swiper\" role=\"region\" aria-roledescription=\"carousel\" aria-label=\"Carrousel d\u2019images\" dir=\"ltr\">\n\t\t\t<div class=\"elementor-image-carousel swiper-wrapper\" aria-live=\"off\">\n\t\t\t\t\t\t\t\t<div class=\"swiper-slide\" role=\"group\" aria-roledescription=\"slide\" aria-label=\"1 sur 7\"><a data-elementor-open-lightbox=\"yes\" data-elementor-lightbox-slideshow=\"296ef23\" data-elementor-lightbox-title=\"all team_2\" data-e-action-hash=\"#elementor-action%3Aaction%3Dlightbox%26settings%3DeyJpZCI6NzU5OCwidXJsIjoiaHR0cHM6XC9cL2luZGlnby1wcm9kdWN0aW9ucy5mclwvd3AtY29udGVudFwvdXBsb2Fkc1wvMjAyNVwvMDFcL2FsbC10ZWFtXzIud2VicCIsInNsaWRlc2hvdyI6IjI5NmVmMjMifQ%3D%3D\" href=\"https:\/\/indigo-productions.fr\/wp-content\/uploads\/2025\/01\/all-team_2.webp\"><figure class=\"swiper-slide-inner\"><img decoding=\"async\" class=\"swiper-slide-image\" src=\"https:\/\/indigo-productions.fr\/wp-content\/uploads\/2025\/01\/all-team_2.webp\" alt=\"all team_2\" \/><\/figure><\/a><\/div><div class=\"swiper-slide\" role=\"group\" aria-roledescription=\"slide\" aria-label=\"2 sur 7\"><a data-elementor-open-lightbox=\"yes\" data-elementor-lightbox-slideshow=\"296ef23\" data-elementor-lightbox-title=\"Susanna Rigacci and Marcello Rota_11\" data-e-action-hash=\"#elementor-action%3Aaction%3Dlightbox%26settings%3DeyJpZCI6NzYwNCwidXJsIjoiaHR0cHM6XC9cL2luZGlnby1wcm9kdWN0aW9ucy5mclwvd3AtY29udGVudFwvdXBsb2Fkc1wvMjAyNVwvMDFcL1N1c2FubmEtUmlnYWNjaS1hbmQtTWFyY2VsbG8tUm90YV8xMS53ZWJwIiwic2xpZGVzaG93IjoiMjk2ZWYyMyJ9\" href=\"https:\/\/indigo-productions.fr\/wp-content\/uploads\/2025\/01\/Susanna-Rigacci-and-Marcello-Rota_11.webp\"><figure class=\"swiper-slide-inner\"><img decoding=\"async\" class=\"swiper-slide-image\" src=\"https:\/\/indigo-productions.fr\/wp-content\/uploads\/2025\/01\/Susanna-Rigacci-and-Marcello-Rota_11.webp\" alt=\"Susanna Rigacci and Marcello Rota_11\" \/><\/figure><\/a><\/div><div class=\"swiper-slide\" role=\"group\" aria-roledescription=\"slide\" aria-label=\"3 sur 7\"><a data-elementor-open-lightbox=\"yes\" data-elementor-lightbox-slideshow=\"296ef23\" data-elementor-lightbox-title=\"Marcello Rota_20\" data-e-action-hash=\"#elementor-action%3Aaction%3Dlightbox%26settings%3DeyJpZCI6NzYwMSwidXJsIjoiaHR0cHM6XC9cL2luZGlnby1wcm9kdWN0aW9ucy5mclwvd3AtY29udGVudFwvdXBsb2Fkc1wvMjAyNVwvMDFcL01hcmNlbGxvLVJvdGFfMjAud2VicCIsInNsaWRlc2hvdyI6IjI5NmVmMjMifQ%3D%3D\" href=\"https:\/\/indigo-productions.fr\/wp-content\/uploads\/2025\/01\/Marcello-Rota_20.webp\"><figure class=\"swiper-slide-inner\"><img decoding=\"async\" class=\"swiper-slide-image\" src=\"https:\/\/indigo-productions.fr\/wp-content\/uploads\/2025\/01\/Marcello-Rota_20.webp\" alt=\"Marcello Rota_20\" \/><\/figure><\/a><\/div><div class=\"swiper-slide\" role=\"group\" aria-roledescription=\"slide\" aria-label=\"4 sur 7\"><a data-elementor-open-lightbox=\"yes\" data-elementor-lightbox-slideshow=\"296ef23\" data-elementor-lightbox-title=\"Ludovico Fulci_6\" data-e-action-hash=\"#elementor-action%3Aaction%3Dlightbox%26settings%3DeyJpZCI6NzU5OSwidXJsIjoiaHR0cHM6XC9cL2luZGlnby1wcm9kdWN0aW9ucy5mclwvd3AtY29udGVudFwvdXBsb2Fkc1wvMjAyNVwvMDFcL0x1ZG92aWNvLUZ1bGNpXzYud2VicCIsInNsaWRlc2hvdyI6IjI5NmVmMjMifQ%3D%3D\" href=\"https:\/\/indigo-productions.fr\/wp-content\/uploads\/2025\/01\/Ludovico-Fulci_6.webp\"><figure class=\"swiper-slide-inner\"><img decoding=\"async\" class=\"swiper-slide-image\" src=\"https:\/\/indigo-productions.fr\/wp-content\/uploads\/2025\/01\/Ludovico-Fulci_6.webp\" alt=\"Ludovico Fulci_6\" \/><\/figure><\/a><\/div><div class=\"swiper-slide\" role=\"group\" aria-roledescription=\"slide\" aria-label=\"5 sur 7\"><a data-elementor-open-lightbox=\"yes\" data-elementor-lightbox-slideshow=\"296ef23\" data-elementor-lightbox-title=\"Marcello Rota and Susanna Rigacci\" data-e-action-hash=\"#elementor-action%3Aaction%3Dlightbox%26settings%3DeyJpZCI6NzYwMCwidXJsIjoiaHR0cHM6XC9cL2luZGlnby1wcm9kdWN0aW9ucy5mclwvd3AtY29udGVudFwvdXBsb2Fkc1wvMjAyNVwvMDFcL01hcmNlbGxvLVJvdGEtYW5kLVN1c2FubmEtUmlnYWNjaS53ZWJwIiwic2xpZGVzaG93IjoiMjk2ZWYyMyJ9\" href=\"https:\/\/indigo-productions.fr\/wp-content\/uploads\/2025\/01\/Marcello-Rota-and-Susanna-Rigacci.webp\"><figure class=\"swiper-slide-inner\"><img decoding=\"async\" class=\"swiper-slide-image\" src=\"https:\/\/indigo-productions.fr\/wp-content\/uploads\/2025\/01\/Marcello-Rota-and-Susanna-Rigacci.webp\" alt=\"Marcello Rota and Susanna Rigacci\" \/><\/figure><\/a><\/div><div class=\"swiper-slide\" role=\"group\" aria-roledescription=\"slide\" aria-label=\"6 sur 7\"><a data-elementor-open-lightbox=\"yes\" data-elementor-lightbox-slideshow=\"296ef23\" data-elementor-lightbox-title=\"Nello Salza and Marcello Rota_19\" data-e-action-hash=\"#elementor-action%3Aaction%3Dlightbox%26settings%3DeyJpZCI6NzYwMiwidXJsIjoiaHR0cHM6XC9cL2luZGlnby1wcm9kdWN0aW9ucy5mclwvd3AtY29udGVudFwvdXBsb2Fkc1wvMjAyNVwvMDFcL05lbGxvLVNhbHphLWFuZC1NYXJjZWxsby1Sb3RhXzE5LndlYnAiLCJzbGlkZXNob3ciOiIyOTZlZjIzIn0%3D\" href=\"https:\/\/indigo-productions.fr\/wp-content\/uploads\/2025\/01\/Nello-Salza-and-Marcello-Rota_19.webp\"><figure class=\"swiper-slide-inner\"><img decoding=\"async\" class=\"swiper-slide-image\" src=\"https:\/\/indigo-productions.fr\/wp-content\/uploads\/2025\/01\/Nello-Salza-and-Marcello-Rota_19.webp\" alt=\"Nello Salza and Marcello Rota_19\" \/><\/figure><\/a><\/div><div class=\"swiper-slide\" role=\"group\" aria-roledescription=\"slide\" aria-label=\"7 sur 7\"><a data-elementor-open-lightbox=\"yes\" data-elementor-lightbox-slideshow=\"296ef23\" data-elementor-lightbox-title=\"Susanna Rigacci and Marcello Rota_6\" data-e-action-hash=\"#elementor-action%3Aaction%3Dlightbox%26settings%3DeyJpZCI6NzYwMywidXJsIjoiaHR0cHM6XC9cL2luZGlnby1wcm9kdWN0aW9ucy5mclwvd3AtY29udGVudFwvdXBsb2Fkc1wvMjAyNVwvMDFcL1N1c2FubmEtUmlnYWNjaS1hbmQtTWFyY2VsbG8tUm90YV82LndlYnAiLCJzbGlkZXNob3ciOiIyOTZlZjIzIn0%3D\" href=\"https:\/\/indigo-productions.fr\/wp-content\/uploads\/2025\/01\/Susanna-Rigacci-and-Marcello-Rota_6.webp\"><figure class=\"swiper-slide-inner\"><img decoding=\"async\" class=\"swiper-slide-image\" src=\"https:\/\/indigo-productions.fr\/wp-content\/uploads\/2025\/01\/Susanna-Rigacci-and-Marcello-Rota_6.webp\" alt=\"Susanna Rigacci and Marcello Rota_6\" \/><\/figure><\/a><\/div>\t\t\t<\/div>\n\t\t\t\t\t\t\t\t\t\t\t\t<div class=\"elementor-swiper-button elementor-swiper-button-prev\" role=\"button\" tabindex=\"0\">\n\t\t\t\t\t\t<i aria-hidden=\"true\" class=\"eicon-chevron-left\"><\/i>\t\t\t\t\t<\/div>\n\t\t\t\t\t<div class=\"elementor-swiper-button elementor-swiper-button-next\" role=\"button\" tabindex=\"0\">\n\t\t\t\t\t\t<i aria-hidden=\"true\" class=\"eicon-chevron-right\"><\/i>\t\t\t\t\t<\/div>\n\t\t\t\t\n\t\t\t\t\t\t\t\t\t<div class=\"swiper-pagination\"><\/div>\n\t\t\t\t\t\t\t\t\t<\/div>\n\t\t\t\t\t\t<\/div>\n\t\t\t\t<\/div>\n\t\t\t\t<div class=\"elementor-element elementor-element-69bf0d4 elementor-widget elementor-widget-heading\" data-id=\"69bf0d4\" data-element_type=\"widget\" data-e-type=\"widget\" data-widget_type=\"heading.default\">\n\t\t\t\t<div class=\"elementor-widget-container\">\n\t\t\t\t\t<h2 class=\"elementor-heading-title elementor-size-default\">Un concert symphonique immersif<\/h2>\t\t\t\t<\/div>\n\t\t\t\t<\/div>\n\t\t\t\t<div class=\"elementor-element elementor-element-8f52c91 elementor-widget elementor-widget-text-editor\" data-id=\"8f52c91\" data-element_type=\"widget\" data-e-type=\"widget\" data-widget_type=\"text-editor.default\">\n\t\t\t\t<div class=\"elementor-widget-container\">\n\t\t\t\t\t\t\t\t\t<p>Ce spectacle vous invite \u00e0 un voyage sensoriel incomparable, offrant bien plus qu\u2019un simple concert : une exp\u00e9rience immersive o\u00f9 la musique, la lumi\u00e8re et l\u2019image se rencontrent pour cr\u00e9er une atmosph\u00e8re unique.<\/p><p>Plongez dans l\u2019univers envo\u00fbtant des ma\u00eetres ENNIO MORRICONE et NINO ROTA, o\u00f9 leurs \u0153uvres magistrales prennent vie, accompagn\u00e9es de projections vid\u00e9o fascinantes et d\u2019un jeu de lumi\u00e8res qui magnifient chaque note et chaque moment. Vous serez emport\u00e9 par un tourbillon d&rsquo;\u00e9motions, o\u00f9 les th\u00e8mes intemporels se m\u00ealent harmonieusement aux visions des cr\u00e9ateurs.<\/p><p>L&rsquo;inspirateur de ce projet est MARCELLO ROTA, neveu de Nino Rota et chef d&rsquo;orchestre de renomm\u00e9e internationale, dont l\u2019interpr\u00e9tation sublime guide chaque note. Les solistes, figures embl\u00e9matiques de la musique de film, partageront la sc\u00e8ne avec vous : NELLO SALZA (trompette), LUDOVICO FILCI (piano) et SUSANNA RIGACCI (soprano). Ces artistes, qui ont collabor\u00e9 pendant plus de 30 ans avec Ennio Morricone sur sc\u00e8ne et en studio, sont des piliers de l\u2019histoire de la musique de film, tant en Italie qu\u2019\u00e0 l\u2019\u00e9chelle mondiale. Ensemble, ils ont offert plus de 500 concerts \u00e0 travers le monde sous la direction exceptionnelle du Maestro Morricone.<\/p>\t\t\t\t\t\t\t\t<\/div>\n\t\t\t\t<\/div>\n\t\t\t\t<div class=\"elementor-element elementor-element-7f35980f elementor-widget elementor-widget-video\" data-id=\"7f35980f\" data-element_type=\"widget\" data-e-type=\"widget\" data-settings=\"{&quot;youtube_url&quot;:&quot;https:\\\/\\\/www.youtube.com\\\/watch?v=Mqj8GDPvT_A&quot;,&quot;show_image_overlay&quot;:&quot;yes&quot;,&quot;image_overlay&quot;:{&quot;url&quot;:&quot;&quot;,&quot;id&quot;:&quot;&quot;,&quot;size&quot;:&quot;&quot;},&quot;video_type&quot;:&quot;youtube&quot;,&quot;controls&quot;:&quot;yes&quot;}\" data-widget_type=\"video.default\">\n\t\t\t\t<div class=\"elementor-widget-container\">\n\t\t\t\t\t\t\t<div class=\"elementor-wrapper elementor-open-inline\">\n\t\t\t<div class=\"elementor-video\"><\/div>\t\t<\/div>\n\t\t\t\t\t\t<\/div>\n\t\t\t\t<\/div>\n\t\t\t\t\t<\/div>\n\t\t\t\t<\/div>\n\t\t<div class=\"elementor-element elementor-element-4ff97e0 e-flex e-con-boxed e-con e-parent\" data-id=\"4ff97e0\" data-element_type=\"container\" data-e-type=\"container\" data-settings=\"{&quot;jet_parallax_layout_list&quot;:[]}\">\n\t\t\t\t\t<div class=\"e-con-inner\">\n\t\t\t\t<div class=\"elementor-element elementor-element-69dbf92d elementor-widget elementor-widget-heading\" data-id=\"69dbf92d\" data-element_type=\"widget\" data-e-type=\"widget\" data-widget_type=\"heading.default\">\n\t\t\t\t<div class=\"elementor-widget-container\">\n\t\t\t\t\t<h2 class=\"elementor-heading-title elementor-size-default\">Les interpr\u00e8tes<\/h2>\t\t\t\t<\/div>\n\t\t\t\t<\/div>\n\t\t\t\t\t<\/div>\n\t\t\t\t<\/div>\n\t\t<div class=\"elementor-element elementor-element-dda0934 e-flex e-con-boxed e-con e-parent\" data-id=\"dda0934\" data-element_type=\"container\" data-e-type=\"container\" data-settings=\"{&quot;jet_parallax_layout_list&quot;:[]}\">\n\t\t\t\t\t<div class=\"e-con-inner\">\n\t\t<div class=\"elementor-element elementor-element-e702a9c e-con-full e-flex e-con e-child\" data-id=\"e702a9c\" data-element_type=\"container\" data-e-type=\"container\" data-settings=\"{&quot;jet_parallax_layout_list&quot;:[]}\">\n\t\t\t\t<div class=\"elementor-element elementor-element-35d46eb elementor-widget elementor-widget-image\" data-id=\"35d46eb\" data-element_type=\"widget\" data-e-type=\"widget\" data-widget_type=\"image.default\">\n\t\t\t\t<div class=\"elementor-widget-container\">\n\t\t\t\t\t\t\t\t\t\t\t\t\t\t\t<img decoding=\"async\" width=\"300\" height=\"300\" src=\"https:\/\/indigo-productions.fr\/wp-content\/uploads\/2025\/01\/Marcello-Rota_carre-300x300.jpg\" class=\"attachment-medium size-medium wp-image-7605\" alt=\"\" srcset=\"https:\/\/indigo-productions.fr\/wp-content\/uploads\/2025\/01\/Marcello-Rota_carre-300x300.jpg 300w, https:\/\/indigo-productions.fr\/wp-content\/uploads\/2025\/01\/Marcello-Rota_carre-150x150.jpg 150w, https:\/\/indigo-productions.fr\/wp-content\/uploads\/2025\/01\/Marcello-Rota_carre-768x768.jpg 768w, https:\/\/indigo-productions.fr\/wp-content\/uploads\/2025\/01\/Marcello-Rota_carre-12x12.jpg 12w, https:\/\/indigo-productions.fr\/wp-content\/uploads\/2025\/01\/Marcello-Rota_carre-230x230.jpg 230w, https:\/\/indigo-productions.fr\/wp-content\/uploads\/2025\/01\/Marcello-Rota_carre-400x400.jpg 400w, https:\/\/indigo-productions.fr\/wp-content\/uploads\/2025\/01\/Marcello-Rota_carre-600x600.jpg 600w, https:\/\/indigo-productions.fr\/wp-content\/uploads\/2025\/01\/Marcello-Rota_carre-640x640.jpg 640w, https:\/\/indigo-productions.fr\/wp-content\/uploads\/2025\/01\/Marcello-Rota_carre.jpg 853w\" sizes=\"(max-width: 300px) 100vw, 300px\" \/>\t\t\t\t\t\t\t\t\t\t\t\t\t\t\t<\/div>\n\t\t\t\t<\/div>\n\t\t\t\t<\/div>\n\t\t<div class=\"elementor-element elementor-element-6c33874 e-con-full e-flex e-con e-child\" data-id=\"6c33874\" data-element_type=\"container\" data-e-type=\"container\" data-settings=\"{&quot;jet_parallax_layout_list&quot;:[]}\">\n\t\t\t\t<div class=\"elementor-element elementor-element-6f40279 elementor-widget elementor-widget-text-editor\" data-id=\"6f40279\" data-element_type=\"widget\" data-e-type=\"widget\" data-widget_type=\"text-editor.default\">\n\t\t\t\t<div class=\"elementor-widget-container\">\n\t\t\t\t\t\t\t\t\t<p><strong>Marcello ROTA<\/strong><\/p><p><strong>Chef d&rsquo;Orchestre\u00a0<\/strong><\/p><p>Marcello Rota, neveu de Nino Rota est un chef d&rsquo;orchestre italien de renom. Dipl\u00f4m\u00e9 du Conservatoire Giuseppe Verdi de Milan, il s&rsquo;est perfectionn\u00e9 \u00e0 l&rsquo;Acad\u00e9mie Chigiana de Sienne.\u00a0<\/p>\t\t\t\t\t\t\t\t<\/div>\n\t\t\t\t<\/div>\n\t\t\t\t<div class=\"elementor-element elementor-element-18e2e85 elementor-widget elementor-widget-n-accordion\" data-id=\"18e2e85\" data-element_type=\"widget\" data-e-type=\"widget\" data-settings=\"{&quot;default_state&quot;:&quot;all_collapsed&quot;,&quot;max_items_expended&quot;:&quot;one&quot;,&quot;n_accordion_animation_duration&quot;:{&quot;unit&quot;:&quot;ms&quot;,&quot;size&quot;:400,&quot;sizes&quot;:[]}}\" data-widget_type=\"nested-accordion.default\">\n\t\t\t\t<div class=\"elementor-widget-container\">\n\t\t\t\t\t\t\t<div class=\"e-n-accordion\" aria-label=\"Accordion. Open links with Enter or Space, close with Escape, and navigate with Arrow Keys\">\n\t\t\t\t\t\t<details id=\"e-n-accordion-item-2600\" class=\"e-n-accordion-item\" >\n\t\t\t\t<summary class=\"e-n-accordion-item-title\" data-accordion-index=\"1\" tabindex=\"0\" aria-expanded=\"false\" aria-controls=\"e-n-accordion-item-2600\" >\n\t\t\t\t\t<span class='e-n-accordion-item-title-header'><div class=\"e-n-accordion-item-title-text\"> Lire <\/div><\/span>\n\t\t\t\t\t\t\t<span class='e-n-accordion-item-title-icon'>\n\t\t\t<span class='e-opened' ><i aria-hidden=\"true\" class=\"fas fa-minus\"><\/i><\/span>\n\t\t\t<span class='e-closed'><i aria-hidden=\"true\" class=\"fas fa-plus\"><\/i><\/span>\n\t\t<\/span>\n\n\t\t\t\t\t\t<\/summary>\n\t\t\t\t<div role=\"region\" aria-labelledby=\"e-n-accordion-item-2600\" class=\"elementor-element elementor-element-25d6db2 e-con-full e-flex e-con e-child\" data-id=\"25d6db2\" data-element_type=\"container\" data-e-type=\"container\" data-settings=\"{&quot;jet_parallax_layout_list&quot;:[]}\">\n\t\t<div role=\"region\" aria-labelledby=\"e-n-accordion-item-2600\" class=\"elementor-element elementor-element-bd5cdec e-flex e-con-boxed e-con e-child\" data-id=\"bd5cdec\" data-element_type=\"container\" data-e-type=\"container\" data-settings=\"{&quot;jet_parallax_layout_list&quot;:[]}\">\n\t\t\t\t\t<div class=\"e-con-inner\">\n\t\t\t\t<div class=\"elementor-element elementor-element-1c08156 elementor-widget elementor-widget-text-editor\" data-id=\"1c08156\" data-element_type=\"widget\" data-e-type=\"widget\" data-widget_type=\"text-editor.default\">\n\t\t\t\t<div class=\"elementor-widget-container\">\n\t\t\t\t\t\t\t\t\t<p>Depuis 1995, il dirige dans les plus grandes salles de concert d&rsquo;Europe, notamment avec les orchestres du San Carlo de Naples, du Teatro Massimo de Palerme et de l&rsquo;Op\u00e9ra d&rsquo;\u00c9tat de Munich.<\/p><p>Rota est surtout connu pour ses collaborations avec des artistes comme Luciano Pavarotti, Jos\u00e9 Carreras et Andrea Bocelli, avec qui il a r\u00e9alis\u00e9 de nombreuses tourn\u00e9es mondiales. Sp\u00e9cialiste du r\u00e9pertoire italien, en particulier Verdi et Puccini, il se distingue par un style de direction \u00e0 la fois rigoureux et passionn\u00e9. Marcello Rota continue d&rsquo;enrichir la sc\u00e8ne musicale internationale, dirigeant de grands orchestres et enregistrant des albums salu\u00e9s par la critique.<\/p>\t\t\t\t\t\t\t\t<\/div>\n\t\t\t\t<\/div>\n\t\t\t\t\t<\/div>\n\t\t\t\t<\/div>\n\t\t\t\t<\/div>\n\t\t\t\t\t<\/details>\n\t\t\t\t\t<\/div>\n\t\t\t\t\t\t<\/div>\n\t\t\t\t<\/div>\n\t\t\t\t<\/div>\n\t\t<div class=\"elementor-element elementor-element-780339d e-con-full e-flex e-con e-child\" data-id=\"780339d\" data-element_type=\"container\" data-e-type=\"container\" data-settings=\"{&quot;jet_parallax_layout_list&quot;:[]}\">\n\t\t\t\t<div class=\"elementor-element elementor-element-6c9fc16 elementor-widget elementor-widget-image\" data-id=\"6c9fc16\" data-element_type=\"widget\" data-e-type=\"widget\" data-widget_type=\"image.default\">\n\t\t\t\t<div class=\"elementor-widget-container\">\n\t\t\t\t\t\t\t\t\t\t\t\t\t\t\t<img loading=\"lazy\" decoding=\"async\" width=\"300\" height=\"300\" src=\"https:\/\/indigo-productions.fr\/wp-content\/uploads\/2025\/01\/Susanna-Rigacci-300x300.jpg\" class=\"attachment-medium size-medium wp-image-7660\" alt=\"\" srcset=\"https:\/\/indigo-productions.fr\/wp-content\/uploads\/2025\/01\/Susanna-Rigacci-300x300.jpg 300w, https:\/\/indigo-productions.fr\/wp-content\/uploads\/2025\/01\/Susanna-Rigacci-150x150.jpg 150w, https:\/\/indigo-productions.fr\/wp-content\/uploads\/2025\/01\/Susanna-Rigacci-768x768.jpg 768w, https:\/\/indigo-productions.fr\/wp-content\/uploads\/2025\/01\/Susanna-Rigacci-12x12.jpg 12w, https:\/\/indigo-productions.fr\/wp-content\/uploads\/2025\/01\/Susanna-Rigacci-230x230.jpg 230w, https:\/\/indigo-productions.fr\/wp-content\/uploads\/2025\/01\/Susanna-Rigacci-400x400.jpg 400w, https:\/\/indigo-productions.fr\/wp-content\/uploads\/2025\/01\/Susanna-Rigacci-600x600.jpg 600w, https:\/\/indigo-productions.fr\/wp-content\/uploads\/2025\/01\/Susanna-Rigacci-640x640.jpg 640w, https:\/\/indigo-productions.fr\/wp-content\/uploads\/2025\/01\/Susanna-Rigacci.jpg 1006w\" sizes=\"(max-width: 300px) 100vw, 300px\" \/>\t\t\t\t\t\t\t\t\t\t\t\t\t\t\t<\/div>\n\t\t\t\t<\/div>\n\t\t\t\t<\/div>\n\t\t<div class=\"elementor-element elementor-element-34f5d92 e-con-full e-flex e-con e-child\" data-id=\"34f5d92\" data-element_type=\"container\" data-e-type=\"container\" data-settings=\"{&quot;jet_parallax_layout_list&quot;:[]}\">\n\t\t\t\t<div class=\"elementor-element elementor-element-bce4414 elementor-widget elementor-widget-text-editor\" data-id=\"bce4414\" data-element_type=\"widget\" data-e-type=\"widget\" data-widget_type=\"text-editor.default\">\n\t\t\t\t<div class=\"elementor-widget-container\">\n\t\t\t\t\t\t\t\t\t<p><strong>Susanna RIGACCI<\/strong><\/p><p><strong>Soprano &#8211; Soliste<\/strong><\/p><p>Susanna Rigacci est une soprano su\u00e9doise d\u2019origine italienne, connue pour son interpr\u00e9tation du r\u00e9pertoire baroque et contemporain.<\/p>\t\t\t\t\t\t\t\t<\/div>\n\t\t\t\t<\/div>\n\t\t\t\t<div class=\"elementor-element elementor-element-6294653 elementor-widget elementor-widget-n-accordion\" data-id=\"6294653\" data-element_type=\"widget\" data-e-type=\"widget\" data-settings=\"{&quot;default_state&quot;:&quot;all_collapsed&quot;,&quot;max_items_expended&quot;:&quot;one&quot;,&quot;n_accordion_animation_duration&quot;:{&quot;unit&quot;:&quot;ms&quot;,&quot;size&quot;:400,&quot;sizes&quot;:[]}}\" data-widget_type=\"nested-accordion.default\">\n\t\t\t\t<div class=\"elementor-widget-container\">\n\t\t\t\t\t\t\t<div class=\"e-n-accordion\" aria-label=\"Accordion. Open links with Enter or Space, close with Escape, and navigate with Arrow Keys\">\n\t\t\t\t\t\t<details id=\"e-n-accordion-item-1030\" class=\"e-n-accordion-item\" >\n\t\t\t\t<summary class=\"e-n-accordion-item-title\" data-accordion-index=\"1\" tabindex=\"0\" aria-expanded=\"false\" aria-controls=\"e-n-accordion-item-1030\" >\n\t\t\t\t\t<span class='e-n-accordion-item-title-header'><div class=\"e-n-accordion-item-title-text\"> Lire <\/div><\/span>\n\t\t\t\t\t\t\t<span class='e-n-accordion-item-title-icon'>\n\t\t\t<span class='e-opened' ><i aria-hidden=\"true\" class=\"fas fa-minus\"><\/i><\/span>\n\t\t\t<span class='e-closed'><i aria-hidden=\"true\" class=\"fas fa-plus\"><\/i><\/span>\n\t\t<\/span>\n\n\t\t\t\t\t\t<\/summary>\n\t\t\t\t<div role=\"region\" aria-labelledby=\"e-n-accordion-item-1030\" class=\"elementor-element elementor-element-9ec48fe e-con-full e-flex e-con e-child\" data-id=\"9ec48fe\" data-element_type=\"container\" data-e-type=\"container\" data-settings=\"{&quot;jet_parallax_layout_list&quot;:[]}\">\n\t\t<div role=\"region\" aria-labelledby=\"e-n-accordion-item-1030\" class=\"elementor-element elementor-element-467bebe e-flex e-con-boxed e-con e-child\" data-id=\"467bebe\" data-element_type=\"container\" data-e-type=\"container\" data-settings=\"{&quot;jet_parallax_layout_list&quot;:[]}\">\n\t\t\t\t\t<div class=\"e-con-inner\">\n\t\t\t\t<div class=\"elementor-element elementor-element-f9c3204 elementor-widget elementor-widget-text-editor\" data-id=\"f9c3204\" data-element_type=\"widget\" data-e-type=\"widget\" data-widget_type=\"text-editor.default\">\n\t\t\t\t<div class=\"elementor-widget-container\">\n\t\t\t\t\t\t\t\t\t<p>Elle s&rsquo;est produite sur des sc\u00e8nes internationales, interpr\u00e9tant des \u0153uvres de Verdi, Mozart et Puccini. \u00b5Elle est devenue c\u00e9l\u00e8bre mondialement gr\u00e2ce \u00e0 sa collaboration avec Ennio Morricone, pr\u00eatant sa voix aux musiques de films embl\u00e9matiques de Sergio Leone comme \u00ab\u00a0Le Bon, la Brute et le Truand\u00a0\u00bb, \u00ab\u00a0Il \u00e9tait une fois dans l&rsquo;Ouest\u00a0\u00bb et \u00ab\u00a0Il \u00e9tait une fois la R\u00e9volution\u00a0\u00bb. Elle est admir\u00e9e pour sa voix cristalline et son expressivit\u00e9, et continue de se produire dans des festivals et op\u00e9ras prestigieux \u00e0 travers le monde.<\/p><p>Sienne. Depuis 1995, il dirige dans les plus grandes salles de concert d&rsquo;Europe, notamment avec les orchestres du San Carlo de Naples, du Teatro Massimo de Palerme et de l&rsquo;Op\u00e9ra d&rsquo;\u00c9tat de Munich.<\/p>\t\t\t\t\t\t\t\t<\/div>\n\t\t\t\t<\/div>\n\t\t\t\t\t<\/div>\n\t\t\t\t<\/div>\n\t\t\t\t<\/div>\n\t\t\t\t\t<\/details>\n\t\t\t\t\t<\/div>\n\t\t\t\t\t\t<\/div>\n\t\t\t\t<\/div>\n\t\t\t\t<\/div>\n\t\t\t\t\t<\/div>\n\t\t\t\t<\/div>\n\t\t<div class=\"elementor-element elementor-element-b936632 e-flex e-con-boxed e-con e-parent\" data-id=\"b936632\" data-element_type=\"container\" data-e-type=\"container\" data-settings=\"{&quot;jet_parallax_layout_list&quot;:[]}\">\n\t\t\t\t\t<div class=\"e-con-inner\">\n\t\t<div class=\"elementor-element elementor-element-f9fe0f8 e-con-full e-flex e-con e-child\" data-id=\"f9fe0f8\" data-element_type=\"container\" data-e-type=\"container\" data-settings=\"{&quot;jet_parallax_layout_list&quot;:[]}\">\n\t\t\t\t<div class=\"elementor-element elementor-element-9138274 elementor-widget elementor-widget-image\" data-id=\"9138274\" data-element_type=\"widget\" data-e-type=\"widget\" data-widget_type=\"image.default\">\n\t\t\t\t<div class=\"elementor-widget-container\">\n\t\t\t\t\t\t\t\t\t\t\t\t\t\t\t<img loading=\"lazy\" decoding=\"async\" width=\"300\" height=\"300\" src=\"https:\/\/indigo-productions.fr\/wp-content\/uploads\/2025\/01\/Nello-Salza_carre-300x300.jpg\" class=\"attachment-medium size-medium wp-image-7608\" alt=\"\" srcset=\"https:\/\/indigo-productions.fr\/wp-content\/uploads\/2025\/01\/Nello-Salza_carre-300x300.jpg 300w, https:\/\/indigo-productions.fr\/wp-content\/uploads\/2025\/01\/Nello-Salza_carre-150x150.jpg 150w, https:\/\/indigo-productions.fr\/wp-content\/uploads\/2025\/01\/Nello-Salza_carre-12x12.jpg 12w, https:\/\/indigo-productions.fr\/wp-content\/uploads\/2025\/01\/Nello-Salza_carre-230x230.jpg 230w, https:\/\/indigo-productions.fr\/wp-content\/uploads\/2025\/01\/Nello-Salza_carre-400x400.jpg 400w, https:\/\/indigo-productions.fr\/wp-content\/uploads\/2025\/01\/Nello-Salza_carre-600x600.jpg 600w, https:\/\/indigo-productions.fr\/wp-content\/uploads\/2025\/01\/Nello-Salza_carre-640x640.jpg 640w, https:\/\/indigo-productions.fr\/wp-content\/uploads\/2025\/01\/Nello-Salza_carre.jpg 767w\" sizes=\"(max-width: 300px) 100vw, 300px\" \/>\t\t\t\t\t\t\t\t\t\t\t\t\t\t\t<\/div>\n\t\t\t\t<\/div>\n\t\t\t\t<\/div>\n\t\t<div class=\"elementor-element elementor-element-1ff4551 e-con-full e-flex e-con e-child\" data-id=\"1ff4551\" data-element_type=\"container\" data-e-type=\"container\" data-settings=\"{&quot;jet_parallax_layout_list&quot;:[]}\">\n\t\t\t\t<div class=\"elementor-element elementor-element-3763652 elementor-widget elementor-widget-text-editor\" data-id=\"3763652\" data-element_type=\"widget\" data-e-type=\"widget\" data-widget_type=\"text-editor.default\">\n\t\t\t\t<div class=\"elementor-widget-container\">\n\t\t\t\t\t\t\t\t\t<p><strong>Nello SALZA<\/strong><\/p><p><strong>Trompettiste &#8211; Soliste\u00a0<\/strong><\/p><p>Nello Salza est un trompettiste, compositeur et arrangeur italien, particuli\u00e8rement reconnu pour son travail dans le domaine du cin\u00e9ma et de la musique de film.\u00a0<\/p>\t\t\t\t\t\t\t\t<\/div>\n\t\t\t\t<\/div>\n\t\t\t\t<div class=\"elementor-element elementor-element-8dd3830 elementor-widget elementor-widget-n-accordion\" data-id=\"8dd3830\" data-element_type=\"widget\" data-e-type=\"widget\" data-settings=\"{&quot;default_state&quot;:&quot;all_collapsed&quot;,&quot;max_items_expended&quot;:&quot;one&quot;,&quot;n_accordion_animation_duration&quot;:{&quot;unit&quot;:&quot;ms&quot;,&quot;size&quot;:400,&quot;sizes&quot;:[]}}\" data-widget_type=\"nested-accordion.default\">\n\t\t\t\t<div class=\"elementor-widget-container\">\n\t\t\t\t\t\t\t<div class=\"e-n-accordion\" aria-label=\"Accordion. Open links with Enter or Space, close with Escape, and navigate with Arrow Keys\">\n\t\t\t\t\t\t<details id=\"e-n-accordion-item-1480\" class=\"e-n-accordion-item\" >\n\t\t\t\t<summary class=\"e-n-accordion-item-title\" data-accordion-index=\"1\" tabindex=\"0\" aria-expanded=\"false\" aria-controls=\"e-n-accordion-item-1480\" >\n\t\t\t\t\t<span class='e-n-accordion-item-title-header'><div class=\"e-n-accordion-item-title-text\"> Lire <\/div><\/span>\n\t\t\t\t\t\t\t<span class='e-n-accordion-item-title-icon'>\n\t\t\t<span class='e-opened' ><i aria-hidden=\"true\" class=\"fas fa-minus\"><\/i><\/span>\n\t\t\t<span class='e-closed'><i aria-hidden=\"true\" class=\"fas fa-plus\"><\/i><\/span>\n\t\t<\/span>\n\n\t\t\t\t\t\t<\/summary>\n\t\t\t\t<div role=\"region\" aria-labelledby=\"e-n-accordion-item-1480\" class=\"elementor-element elementor-element-6ef9e23 e-con-full e-flex e-con e-child\" data-id=\"6ef9e23\" data-element_type=\"container\" data-e-type=\"container\" data-settings=\"{&quot;jet_parallax_layout_list&quot;:[]}\">\n\t\t<div role=\"region\" aria-labelledby=\"e-n-accordion-item-1480\" class=\"elementor-element elementor-element-5e874f0 e-flex e-con-boxed e-con e-child\" data-id=\"5e874f0\" data-element_type=\"container\" data-e-type=\"container\" data-settings=\"{&quot;jet_parallax_layout_list&quot;:[]}\">\n\t\t\t\t\t<div class=\"e-con-inner\">\n\t\t\t\t<div class=\"elementor-element elementor-element-fd88b7e elementor-widget elementor-widget-text-editor\" data-id=\"fd88b7e\" data-element_type=\"widget\" data-e-type=\"widget\" data-widget_type=\"text-editor.default\">\n\t\t\t\t<div class=\"elementor-widget-container\">\n\t\t\t\t\t\t\t\t\t<p>Il est surtout c\u00e9l\u00e8bre pour sa collaboration avec le l\u00e9gendaire compositeur Ennio Morricone, notamment pour ses interpr\u00e9tations de trompette dans des films cultes tels que \u00ab\u00a0Le Bon, la Brute et le Truand\u00a0\u00bb et \u00ab\u00a0Il \u00e9tait une fois dans l&rsquo;Ouest\u00a0\u00bb. <br \/>Sa trompette est un \u00e9l\u00e9ment cl\u00e9 de nombreux morceaux de musique qui ont marqu\u00e9 l&rsquo;histoire du cin\u00e9ma, et il est respect\u00e9 pour son interpr\u00e9tation passionn\u00e9e et son expertise musicale.<\/p>\t\t\t\t\t\t\t\t<\/div>\n\t\t\t\t<\/div>\n\t\t\t\t\t<\/div>\n\t\t\t\t<\/div>\n\t\t\t\t<\/div>\n\t\t\t\t\t<\/details>\n\t\t\t\t\t<\/div>\n\t\t\t\t\t\t<\/div>\n\t\t\t\t<\/div>\n\t\t\t\t<\/div>\n\t\t<div class=\"elementor-element elementor-element-b55661f e-con-full e-flex e-con e-child\" data-id=\"b55661f\" data-element_type=\"container\" data-e-type=\"container\" data-settings=\"{&quot;jet_parallax_layout_list&quot;:[]}\">\n\t\t\t\t<div class=\"elementor-element elementor-element-272498e elementor-widget elementor-widget-image\" data-id=\"272498e\" data-element_type=\"widget\" data-e-type=\"widget\" data-widget_type=\"image.default\">\n\t\t\t\t<div class=\"elementor-widget-container\">\n\t\t\t\t\t\t\t\t\t\t\t\t\t\t\t<img loading=\"lazy\" decoding=\"async\" width=\"300\" height=\"300\" src=\"https:\/\/indigo-productions.fr\/wp-content\/uploads\/2025\/01\/Ludovico-Fulci-carre-300x300.jpg\" class=\"attachment-medium size-medium wp-image-7607\" alt=\"\" srcset=\"https:\/\/indigo-productions.fr\/wp-content\/uploads\/2025\/01\/Ludovico-Fulci-carre-300x300.jpg 300w, https:\/\/indigo-productions.fr\/wp-content\/uploads\/2025\/01\/Ludovico-Fulci-carre-150x150.jpg 150w, https:\/\/indigo-productions.fr\/wp-content\/uploads\/2025\/01\/Ludovico-Fulci-carre-12x12.jpg 12w, https:\/\/indigo-productions.fr\/wp-content\/uploads\/2025\/01\/Ludovico-Fulci-carre-230x230.jpg 230w, https:\/\/indigo-productions.fr\/wp-content\/uploads\/2025\/01\/Ludovico-Fulci-carre-400x400.jpg 400w, https:\/\/indigo-productions.fr\/wp-content\/uploads\/2025\/01\/Ludovico-Fulci-carre-600x600.jpg 600w, https:\/\/indigo-productions.fr\/wp-content\/uploads\/2025\/01\/Ludovico-Fulci-carre-640x640.jpg 640w, https:\/\/indigo-productions.fr\/wp-content\/uploads\/2025\/01\/Ludovico-Fulci-carre.jpg 692w\" sizes=\"(max-width: 300px) 100vw, 300px\" \/>\t\t\t\t\t\t\t\t\t\t\t\t\t\t\t<\/div>\n\t\t\t\t<\/div>\n\t\t\t\t<\/div>\n\t\t<div class=\"elementor-element elementor-element-f65076f e-con-full e-flex e-con e-child\" data-id=\"f65076f\" data-element_type=\"container\" data-e-type=\"container\" data-settings=\"{&quot;jet_parallax_layout_list&quot;:[]}\">\n\t\t\t\t<div class=\"elementor-element elementor-element-254f8ba elementor-widget elementor-widget-text-editor\" data-id=\"254f8ba\" data-element_type=\"widget\" data-e-type=\"widget\" data-widget_type=\"text-editor.default\">\n\t\t\t\t<div class=\"elementor-widget-container\">\n\t\t\t\t\t\t\t\t\t<p><strong>Ludovico FULCI<\/strong><\/p><p><strong>Pianiste &#8211; Soliste<\/strong><\/p><p>Ludovico Fulci est dipl\u00f4m\u00e9 du conservatoire de Santa Cecilia en piano et du conservatoire Licinio Refice \u00e0 Frosinone.\u00a0<\/p>\t\t\t\t\t\t\t\t<\/div>\n\t\t\t\t<\/div>\n\t\t\t\t<div class=\"elementor-element elementor-element-3de9ed5 elementor-widget elementor-widget-n-accordion\" data-id=\"3de9ed5\" data-element_type=\"widget\" data-e-type=\"widget\" data-settings=\"{&quot;default_state&quot;:&quot;all_collapsed&quot;,&quot;max_items_expended&quot;:&quot;one&quot;,&quot;n_accordion_animation_duration&quot;:{&quot;unit&quot;:&quot;ms&quot;,&quot;size&quot;:400,&quot;sizes&quot;:[]}}\" data-widget_type=\"nested-accordion.default\">\n\t\t\t\t<div class=\"elementor-widget-container\">\n\t\t\t\t\t\t\t<div class=\"e-n-accordion\" aria-label=\"Accordion. Open links with Enter or Space, close with Escape, and navigate with Arrow Keys\">\n\t\t\t\t\t\t<details id=\"e-n-accordion-item-6490\" class=\"e-n-accordion-item\" >\n\t\t\t\t<summary class=\"e-n-accordion-item-title\" data-accordion-index=\"1\" tabindex=\"0\" aria-expanded=\"false\" aria-controls=\"e-n-accordion-item-6490\" >\n\t\t\t\t\t<span class='e-n-accordion-item-title-header'><div class=\"e-n-accordion-item-title-text\"> Lire <\/div><\/span>\n\t\t\t\t\t\t\t<span class='e-n-accordion-item-title-icon'>\n\t\t\t<span class='e-opened' ><i aria-hidden=\"true\" class=\"fas fa-minus\"><\/i><\/span>\n\t\t\t<span class='e-closed'><i aria-hidden=\"true\" class=\"fas fa-plus\"><\/i><\/span>\n\t\t<\/span>\n\n\t\t\t\t\t\t<\/summary>\n\t\t\t\t<div role=\"region\" aria-labelledby=\"e-n-accordion-item-6490\" class=\"elementor-element elementor-element-bbd37ab e-con-full e-flex e-con e-child\" data-id=\"bbd37ab\" data-element_type=\"container\" data-e-type=\"container\" data-settings=\"{&quot;jet_parallax_layout_list&quot;:[]}\">\n\t\t<div role=\"region\" aria-labelledby=\"e-n-accordion-item-6490\" class=\"elementor-element elementor-element-f038602 e-flex e-con-boxed e-con e-child\" data-id=\"f038602\" data-element_type=\"container\" data-e-type=\"container\" data-settings=\"{&quot;jet_parallax_layout_list&quot;:[]}\">\n\t\t\t\t\t<div class=\"e-con-inner\">\n\t\t\t\t<div class=\"elementor-element elementor-element-49cb385 elementor-widget elementor-widget-text-editor\" data-id=\"49cb385\" data-element_type=\"widget\" data-e-type=\"widget\" data-widget_type=\"text-editor.default\">\n\t\t\t\t<div class=\"elementor-widget-container\">\n\t\t\t\t\t\t\t\t\t<p>En 1987, il commence sa carri\u00e8re dans la musique de film. D&rsquo;abord comme pianiste et clavi\u00e9riste, puis comme arrangeur.<\/p><p>Il travaille avec de grands compositeurs italiens pour cr\u00e9er des bandes originales de films.<\/p>\t\t\t\t\t\t\t\t<\/div>\n\t\t\t\t<\/div>\n\t\t\t\t\t<\/div>\n\t\t\t\t<\/div>\n\t\t\t\t<\/div>\n\t\t\t\t\t<\/details>\n\t\t\t\t\t<\/div>\n\t\t\t\t\t\t<\/div>\n\t\t\t\t<\/div>\n\t\t\t\t<\/div>\n\t\t\t\t\t<\/div>\n\t\t\t\t<\/div>\n\t\t<div class=\"elementor-element elementor-element-43bf1ff4 e-flex e-con-boxed e-con e-parent\" data-id=\"43bf1ff4\" data-element_type=\"container\" data-e-type=\"container\" data-settings=\"{&quot;background_background&quot;:&quot;classic&quot;,&quot;jet_parallax_layout_list&quot;:[]}\">\n\t\t\t\t\t<div class=\"e-con-inner\">\n\t\t<div class=\"elementor-element elementor-element-2b97bb9 e-con-full e-flex e-con e-child\" data-id=\"2b97bb9\" data-element_type=\"container\" data-e-type=\"container\" data-settings=\"{&quot;jet_parallax_layout_list&quot;:[]}\">\n\t\t\t\t<div class=\"elementor-element elementor-element-43fa4920 elementor-align-center elementor-widget elementor-widget-button\" data-id=\"43fa4920\" data-element_type=\"widget\" data-e-type=\"widget\" data-widget_type=\"button.default\">\n\t\t\t\t<div class=\"elementor-widget-container\">\n\t\t\t\t\t\t\t\t\t<div class=\"elementor-button-wrapper\">\n\t\t\t\t\t<a class=\"elementor-button elementor-button-link elementor-size-sm\" href=\"https:\/\/indigo-productions.fr\/en\/agenda\/liste\/?tribe_eventcategory%5B0%5D=47\" target=\"_blank\">\n\t\t\t\t\t\t<span class=\"elementor-button-content-wrapper\">\n\t\t\t\t\t\t\t\t\t<span class=\"elementor-button-text\">voir les dates de la tourn\u00e9e &amp; r\u00e9server<\/span>\n\t\t\t\t\t<\/span>\n\t\t\t\t\t<\/a>\n\t\t\t\t<\/div>\n\t\t\t\t\t\t\t\t<\/div>\n\t\t\t\t<\/div>\n\t\t\t\t<\/div>\n\t\t\t\t\t<\/div>\n\t\t\t\t<\/div>\n\t\t\t\t<\/div>","protected":false},"excerpt":{"rendered":"<p>Ennio Morricone &amp; Nino RotaDeux ma\u00eetres de la musique de film Aujourd&rsquo;hui, ENNIO MORRICONE et NINO ROTA sont \u00e0 juste titre consid\u00e9r\u00e9s comme des ic\u00f4nes incontournables de la musique de [&hellip;]<\/p>\n","protected":false},"author":9,"featured_media":0,"parent":0,"menu_order":0,"comment_status":"closed","ping_status":"closed","template":"","meta":{"footnotes":""},"class_list":["post-7595","page","type-page","status-publish","hentry"],"_links":{"self":[{"href":"https:\/\/indigo-productions.fr\/en\/wp-json\/wp\/v2\/pages\/7595","targetHints":{"allow":["GET"]}}],"collection":[{"href":"https:\/\/indigo-productions.fr\/en\/wp-json\/wp\/v2\/pages"}],"about":[{"href":"https:\/\/indigo-productions.fr\/en\/wp-json\/wp\/v2\/types\/page"}],"author":[{"embeddable":true,"href":"https:\/\/indigo-productions.fr\/en\/wp-json\/wp\/v2\/users\/9"}],"replies":[{"embeddable":true,"href":"https:\/\/indigo-productions.fr\/en\/wp-json\/wp\/v2\/comments?post=7595"}],"version-history":[{"count":18,"href":"https:\/\/indigo-productions.fr\/en\/wp-json\/wp\/v2\/pages\/7595\/revisions"}],"predecessor-version":[{"id":10990,"href":"https:\/\/indigo-productions.fr\/en\/wp-json\/wp\/v2\/pages\/7595\/revisions\/10990"}],"wp:attachment":[{"href":"https:\/\/indigo-productions.fr\/en\/wp-json\/wp\/v2\/media?parent=7595"}],"curies":[{"name":"wp","href":"https:\/\/api.w.org\/{rel}","templated":true}]}}